{"id":34,"date":"2019-02-18T09:06:26","date_gmt":"2019-02-18T09:06:26","guid":{"rendered":"http:\/\/wordpress.nordicanimals.com.95-216-21-125.luminka.com\/wordpress\/?page_id=34"},"modified":"2019-02-22T07:38:11","modified_gmt":"2019-02-22T07:38:11","slug":"tarina-pikku-pupusta-2","status":"publish","type":"page","link":"https:\/\/nordicanimals.fi\/?page_id=34","title":{"rendered":"Tarina Pikku Pupusta"},"content":{"rendered":"<p><img loading=\"lazy\" decoding=\"async\" class=\"alignleft wp-image-35 size-full\" src=\"https:\/\/nordicanimals.fi\/wp-content\/uploads\/2019\/02\/d9ff6f6c20405c7e31c38902f7af4595.jpg\" alt=\"\" width=\"410\" height=\"460\" srcset=\"https:\/\/nordicanimals.fi\/wp-content\/uploads\/2019\/02\/d9ff6f6c20405c7e31c38902f7af4595.jpg 410w, https:\/\/nordicanimals.fi\/wp-content\/uploads\/2019\/02\/d9ff6f6c20405c7e31c38902f7af4595-267x300.jpg 267w\" sizes=\"auto, (max-width: 410px) 100vw, 410px\" \/><img loading=\"lazy\" decoding=\"async\" class=\"alignnone wp-image-36 size-full\" src=\"https:\/\/nordicanimals.fi\/wp-content\/uploads\/2019\/02\/cc7ef569c038b9945518adb033864fad.jpg\" alt=\"\" width=\"410\" height=\"460\" srcset=\"https:\/\/nordicanimals.fi\/wp-content\/uploads\/2019\/02\/cc7ef569c038b9945518adb033864fad.jpg 410w, https:\/\/nordicanimals.fi\/wp-content\/uploads\/2019\/02\/cc7ef569c038b9945518adb033864fad-267x300.jpg 267w\" sizes=\"auto, (max-width: 410px) 100vw, 410px\" \/><\/p>\n<p><em>&#8221;Tuhansien j\u00e4rvien maassa kaukana Pohjolassa asui pieni, pitk\u00e4korvainen kaniini. T\u00e4t\u00e4 kaniinia<\/em><br \/>\n<em>kutsuttiin Pikku pupuksi. L\u00e4mpim\u00e4t syysp\u00e4iv\u00e4t olivat hellineet mets\u00e4nel\u00e4imi\u00e4, mutta Pikku pupu<\/em><br \/>\n<em>odotti jo talvea. Se odotti ensimm\u00e4isi\u00e4 y\u00f6pakkasia, v\u00e4riloistoa puissa, viiksikarvojen aamukuuraa<\/em><br \/>\n<em>sek\u00e4 valkoista talviturkkia. L\u00e4mpim\u00e4t p\u00e4iv\u00e4t kuitenkin jatkuivat pitk\u00e4lle syksyyn ja talvi odotutti<\/em><br \/>\n<em>tuloaan.<\/em><\/p>\n<p><em>Er\u00e4\u00e4n\u00e4 aamuna Pikku pupu her\u00e4si kummaan nakutukseen\u2026&#8221;<\/em><\/p>\n<p>Sini Lavastren kirjoittama tarina Pikku pupusta ja sen matkasta Pohjolasta J\u00e4\u00e4meren rannalle talviturkin per\u00e4ss\u00e4, johdattelee soittajat tutustumaan pohjoismaalaisiin el\u00e4imiin sek\u00e4 pohtimaan ilmastonmuutoksen vaikutuksia el\u00e4inkunnalle. Ilmastonmuutoksen takia talvi odotuttaa tuloaan ja Pikku Pupu l\u00e4htee etsim\u00e4\u00e4n talvea. Tarina Pikku Pupusta jatkuu ennen jokaista s\u00e4vellyst\u00e4.<\/p>\n<p>Tarinan avulla luot juonellisen konserttikokonaisuuden, johon voit yhdist\u00e4\u00e4 rajattomasti eri elementtej\u00e4.<\/p>\n<p>Tarinan, ihastuttavien kuvien ja musiikin avulla kirja toimii my\u00f6s soivana satukirjana.<\/p>\n<p>Kielin\u00e4 ovat suomi ja englanti.<\/p>","protected":false},"excerpt":{"rendered":"<p>&#8221;Tuhansien j\u00e4rvien maassa kaukana Pohjolassa asui pieni, pitk\u00e4korvainen kaniini. T\u00e4t\u00e4 kaniinia kutsuttiin Pikku pupuksi. L\u00e4mpim\u00e4t syysp\u00e4iv\u00e4t olivat hellineet mets\u00e4nel\u00e4imi\u00e4, mutta Pikku pupu odotti jo talvea. Se odotti ensimm\u00e4isi\u00e4 y\u00f6pakkasia, v\u00e4riloistoa puissa, viiksikarvojen aamukuuraa sek\u00e4 valkoista talviturkkia. L\u00e4mpim\u00e4t p\u00e4iv\u00e4t kuitenkin jatkuivat pitk\u00e4lle syksyyn ja talvi odotutti tuloaan. Er\u00e4\u00e4n\u00e4 aamuna Pikku pupu her\u00e4si kummaan nakutukseen\u2026&#8221; Sini Lavastren [&hellip;]<\/p>\n","protected":false},"author":1,"featured_media":0,"parent":24,"menu_order":0,"comment_status":"closed","ping_status":"closed","template":"","meta":{"footnotes":""},"class_list":["post-34","page","type-page","status-publish","hentry"],"_links":{"self":[{"href":"https:\/\/nordicanimals.fi\/index.php?rest_route=\/wp\/v2\/pages\/34","targetHints":{"allow":["GET"]}}],"collection":[{"href":"https:\/\/nordicanimals.fi\/index.php?rest_route=\/wp\/v2\/pages"}],"about":[{"href":"https:\/\/nordicanimals.fi\/index.php?rest_route=\/wp\/v2\/types\/page"}],"author":[{"embeddable":true,"href":"https:\/\/nordicanimals.fi\/index.php?rest_route=\/wp\/v2\/users\/1"}],"replies":[{"embeddable":true,"href":"https:\/\/nordicanimals.fi\/index.php?rest_route=%2Fwp%2Fv2%2Fcomments&post=34"}],"version-history":[{"count":11,"href":"https:\/\/nordicanimals.fi\/index.php?rest_route=\/wp\/v2\/pages\/34\/revisions"}],"predecessor-version":[{"id":317,"href":"https:\/\/nordicanimals.fi\/index.php?rest_route=\/wp\/v2\/pages\/34\/revisions\/317"}],"up":[{"embeddable":true,"href":"https:\/\/nordicanimals.fi\/index.php?rest_route=\/wp\/v2\/pages\/24"}],"wp:attachment":[{"href":"https:\/\/nordicanimals.fi\/index.php?rest_route=%2Fwp%2Fv2%2Fmedia&parent=34"}],"curies":[{"name":"wp","href":"https:\/\/api.w.org\/{rel}","templated":true}]}}